{"id":21,"date":"2023-07-05T15:00:42","date_gmt":"2023-07-05T15:00:42","guid":{"rendered":"https:\/\/web4.rkinformatika.net\/formasem\/?page_id=21"},"modified":"2024-07-24T14:53:23","modified_gmt":"2024-07-24T14:53:23","slug":"equipo-docente","status":"publish","type":"page","link":"https:\/\/formasem.net\/eu\/equipo-docente\/","title":{"rendered":"Irakasle taldea"},"content":{"rendered":"<div data-elementor-type=\"wp-page\" data-elementor-id=\"21\" class=\"elementor elementor-21\" data-elementor-post-type=\"page\">\n\t\t\t\t\t\t<section class=\"elementor-section elementor-top-section elementor-element elementor-element-377148dc elementor-section-content-middle elementor-section-boxed elementor-section-height-default elementor-section-height-default\" data-id=\"377148dc\" data-element_type=\"section\" data-e-type=\"section\" data-settings=\"{&quot;background_background&quot;:&quot;classic&quot;}\">\n\t\t\t\t\t\t\t<div class=\"elementor-background-overlay\"><\/div>\n\t\t\t\t\t\t\t<div class=\"elementor-container elementor-column-gap-default\">\n\t\t\t\t\t<div class=\"elementor-column elementor-col-50 elementor-top-column elementor-element elementor-element-2c22e8a3\" data-id=\"2c22e8a3\" data-element_type=\"column\" data-e-type=\"column\">\n\t\t\t<div class=\"elementor-widget-wrap\">\n\t\t\t\t\t\t\t<\/div>\n\t\t<\/div>\n\t\t\t\t<div class=\"elementor-column elementor-col-50 elementor-top-column elementor-element elementor-element-5c9f2c17\" data-id=\"5c9f2c17\" data-element_type=\"column\" data-e-type=\"column\">\n\t\t\t<div class=\"elementor-widget-wrap\">\n\t\t\t\t\t\t\t<\/div>\n\t\t<\/div>\n\t\t\t\t\t<\/div>\n\t\t<\/section>\n\t\t\t\t<section class=\"elementor-section elementor-top-section elementor-element elementor-element-4118ae7 elementor-section-boxed elementor-section-height-default elementor-section-height-default\" data-id=\"4118ae7\" data-element_type=\"section\" data-e-type=\"section\">\n\t\t\t\t\t\t<div class=\"elementor-container elementor-column-gap-default\">\n\t\t\t\t\t<div class=\"elementor-column elementor-col-100 elementor-top-column elementor-element elementor-element-3ab88a7\" data-id=\"3ab88a7\" data-element_type=\"column\" data-e-type=\"column\">\n\t\t\t<div class=\"elementor-widget-wrap elementor-element-populated\">\n\t\t\t\t\t\t<div class=\"elementor-element elementor-element-16f6092 elementor-widget elementor-widget-heading\" data-id=\"16f6092\" data-element_type=\"widget\" data-e-type=\"widget\" data-widget_type=\"heading.default\">\n\t\t\t\t<div class=\"elementor-widget-container\">\n\t\t\t\t\t<h2 class=\"elementor-heading-title elementor-size-default\">\u00a1El deseo de ser cada d\u00eda mejor!\u200b<\/h2>\t\t\t\t<\/div>\n\t\t\t\t<\/div>\n\t\t\t\t\t<\/div>\n\t\t<\/div>\n\t\t\t\t\t<\/div>\n\t\t<\/section>\n\t\t\t\t<section class=\"elementor-section elementor-top-section elementor-element elementor-element-27e2dce elementor-hidden-tablet elementor-hidden-mobile elementor-section-boxed elementor-section-height-default elementor-section-height-default\" data-id=\"27e2dce\" data-element_type=\"section\" data-e-type=\"section\">\n\t\t\t\t\t\t<div class=\"elementor-container elementor-column-gap-default\">\n\t\t\t\t\t<div class=\"elementor-column elementor-col-100 elementor-top-column elementor-element elementor-element-76423c8\" data-id=\"76423c8\" data-element_type=\"column\" data-e-type=\"column\">\n\t\t\t<div class=\"elementor-widget-wrap elementor-element-populated\">\n\t\t\t\t\t\t<div class=\"elementor-element elementor-element-7192d57 elementor-widget__width-initial elementor-widget elementor-widget-text-editor\" data-id=\"7192d57\" data-element_type=\"widget\" data-e-type=\"widget\" data-widget_type=\"text-editor.default\">\n\t\t\t\t<div class=\"elementor-widget-container\">\n\t\t\t\t\t\t\t\t\t<p><strong>FORMASEM somos una empresa dedicada a proporcionar formaci\u00f3n especializada y continuada de calidad para los profesionales sanitarios que tienen en la urgencia y emergencia extrahospitalaria su \u00e1mbito de actuaci\u00f3n. Tambi\u00e9n estamos comprometidos con la difusi\u00f3n de la cardio protecci\u00f3n y el conocimiento de las t\u00e9cnicas de primeros auxilios para toda la poblaci\u00f3n. Con este fin, prestamos servicios integrales de cardio protecci\u00f3n; instanlando y manteniendo equipos de rescate cardiaco en lugares p\u00fablicos o privados y formando primeros intervinientes para el uso de los mismos.<\/strong><\/p><p>En nuestra p\u00e1gina encontrar\u00e1, adem\u00e1s de nuestros propios programas especializados de formaci\u00f3n, enlaces con otros programas de reconocimiento internacional, as\u00ed como enlaces con entidades tambi\u00e9n dedicadas a la cardio protecci\u00f3n.<\/p>\t\t\t\t\t\t\t\t<\/div>\n\t\t\t\t<\/div>\n\t\t\t\t<div class=\"elementor-element elementor-element-d9ba483 elementor-widget__width-initial elementor-widget elementor-widget-image\" data-id=\"d9ba483\" data-element_type=\"widget\" data-e-type=\"widget\" data-widget_type=\"image.default\">\n\t\t\t\t<div class=\"elementor-widget-container\">\n\t\t\t\t\t\t\t\t\t\t\t\t\t\t\t<img fetchpriority=\"high\" decoding=\"async\" width=\"800\" height=\"533\" src=\"https:\/\/formasem.net\/wp-content\/uploads\/2023\/07\/close-up-of-emergency-equipment-during-rescue-action--1024x682.jpg\" class=\"attachment-large size-large wp-image-787\" alt=\"Close-up of emergency equipment during rescue action.\" srcset=\"https:\/\/formasem.net\/wp-content\/uploads\/2023\/07\/close-up-of-emergency-equipment-during-rescue-action--1024x682.jpg 1024w, https:\/\/formasem.net\/wp-content\/uploads\/2023\/07\/close-up-of-emergency-equipment-during-rescue-action--300x200.jpg 300w, https:\/\/formasem.net\/wp-content\/uploads\/2023\/07\/close-up-of-emergency-equipment-during-rescue-action--768x512.jpg 768w, https:\/\/formasem.net\/wp-content\/uploads\/2023\/07\/close-up-of-emergency-equipment-during-rescue-action--1536x1024.jpg 1536w, https:\/\/formasem.net\/wp-content\/uploads\/2023\/07\/close-up-of-emergency-equipment-during-rescue-action-.jpg 2000w\" sizes=\"(max-width: 800px) 100vw, 800px\" \/>\t\t\t\t\t\t\t\t\t\t\t\t\t\t\t<\/div>\n\t\t\t\t<\/div>\n\t\t\t\t<div class=\"elementor-element elementor-element-a515b73 elementor-widget elementor-widget-text-editor\" data-id=\"a515b73\" data-element_type=\"widget\" data-e-type=\"widget\" data-widget_type=\"text-editor.default\">\n\t\t\t\t<div class=\"elementor-widget-container\">\n\t\t\t\t\t\t\t\t\t<p><span style=\"font-size: 1rem;\">Nuestro grupo de docentes est\u00e1 integrado por profesionales ampliamente experimentados en atenci\u00f3n a la urgencia y emergencia extrahospitalaria, y est\u00e1n acreditados por entidades de prestigio internacional, como es el European Resucitation Council (ERC), la American Heart Association (AHA) o el Prehospital Trauma Life Support (PHTLS).<\/span><\/p><p>Cuantos integramos FORMASEM hemos asumido la formaci\u00f3n de los profesionales sanitarios como un objetivo primordial en nuestra vida, pues es evidente que, cuanto mejor preparados est\u00e9n nuestros profesionales mejor ser\u00e1 la asistencia que se d\u00e9 a la poblaci\u00f3n. Pero adem\u00e1s, creemos firmemente en que el adiestramiento de primeros intervinientes en t\u00e9cnicas de primeros auxilios proporcionar\u00e1 una esperanza y una calidad de vida mucho mayor.<\/p><p>El equipo humano que constituimos FORMASEM le agradecemos su visita y le deseamos disfrute con los contenidos que puede encontrar en nuestra p\u00e1gina, as\u00ed mismo le invitamos a visitar nuestro perfil en <a href=\"https:\/\/www.facebook.com\/#!\/pages\/FORMASEM\/344931035543708\">Facebook <\/a>y aportar cualquier sugerencia que crea oportuna.<\/p>\t\t\t\t\t\t\t\t<\/div>\n\t\t\t\t<\/div>\n\t\t\t\t\t<\/div>\n\t\t<\/div>\n\t\t\t\t\t<\/div>\n\t\t<\/section>\n\t\t\t\t<section class=\"elementor-section elementor-top-section elementor-element elementor-element-319e2d1 elementor-hidden-desktop elementor-section-boxed elementor-section-height-default elementor-section-height-default\" data-id=\"319e2d1\" data-element_type=\"section\" data-e-type=\"section\">\n\t\t\t\t\t\t<div class=\"elementor-container elementor-column-gap-default\">\n\t\t\t\t\t<div class=\"elementor-column elementor-col-100 elementor-top-column elementor-element elementor-element-d3532b6\" data-id=\"d3532b6\" data-element_type=\"column\" data-e-type=\"column\">\n\t\t\t<div class=\"elementor-widget-wrap elementor-element-populated\">\n\t\t\t\t\t\t<div class=\"elementor-element elementor-element-981e4ef elementor-widget__width-initial elementor-widget-tablet__width-initial elementor-widget elementor-widget-text-editor\" data-id=\"981e4ef\" data-element_type=\"widget\" data-e-type=\"widget\" data-widget_type=\"text-editor.default\">\n\t\t\t\t<div class=\"elementor-widget-container\">\n\t\t\t\t\t\t\t\t\t<p><strong>FORMASEM somos una empresa dedicada a proporcionar formaci\u00f3n especializada y continuada de calidad para los profesionales sanitarios que tienen en la urgencia y emergencia extrahospitalaria su \u00e1mbito de actuaci\u00f3n. Tambi\u00e9n estamos comprometidos con la difusi\u00f3n de la cardio protecci\u00f3n y el conocimiento de las t\u00e9cnicas de primeros auxilios para toda la poblaci\u00f3n. Con este fin, prestamos servicios integrales de cardio protecci\u00f3n; instanlando y manteniendo equipos de rescate cardiaco en lugares p\u00fablicos o privados y formando primeros intervinientes para el uso de los mismos.<\/strong><\/p><p>En nuestra p\u00e1gina encontrar\u00e1, adem\u00e1s de nuestros propios programas especializados de formaci\u00f3n, enlaces con otros programas de reconocimiento internacional, as\u00ed como enlaces con entidades tambi\u00e9n dedicadas a la cardio protecci\u00f3n.<\/p>\t\t\t\t\t\t\t\t<\/div>\n\t\t\t\t<\/div>\n\t\t\t\t<div class=\"elementor-element elementor-element-03ad049 elementor-widget__width-initial elementor-widget-tablet__width-initial elementor-widget elementor-widget-image\" data-id=\"03ad049\" data-element_type=\"widget\" data-e-type=\"widget\" data-widget_type=\"image.default\">\n\t\t\t\t<div class=\"elementor-widget-container\">\n\t\t\t\t\t\t\t\t\t\t\t\t\t\t\t<img fetchpriority=\"high\" decoding=\"async\" width=\"800\" height=\"533\" src=\"https:\/\/formasem.net\/wp-content\/uploads\/2023\/07\/close-up-of-emergency-equipment-during-rescue-action--1024x682.jpg\" class=\"attachment-large size-large wp-image-787\" alt=\"Close-up of emergency equipment during rescue action.\" srcset=\"https:\/\/formasem.net\/wp-content\/uploads\/2023\/07\/close-up-of-emergency-equipment-during-rescue-action--1024x682.jpg 1024w, https:\/\/formasem.net\/wp-content\/uploads\/2023\/07\/close-up-of-emergency-equipment-during-rescue-action--300x200.jpg 300w, https:\/\/formasem.net\/wp-content\/uploads\/2023\/07\/close-up-of-emergency-equipment-during-rescue-action--768x512.jpg 768w, https:\/\/formasem.net\/wp-content\/uploads\/2023\/07\/close-up-of-emergency-equipment-during-rescue-action--1536x1024.jpg 1536w, https:\/\/formasem.net\/wp-content\/uploads\/2023\/07\/close-up-of-emergency-equipment-during-rescue-action-.jpg 2000w\" sizes=\"(max-width: 800px) 100vw, 800px\" \/>\t\t\t\t\t\t\t\t\t\t\t\t\t\t\t<\/div>\n\t\t\t\t<\/div>\n\t\t\t\t<div class=\"elementor-element elementor-element-06cdf53 elementor-widget elementor-widget-text-editor\" data-id=\"06cdf53\" data-element_type=\"widget\" data-e-type=\"widget\" data-widget_type=\"text-editor.default\">\n\t\t\t\t<div class=\"elementor-widget-container\">\n\t\t\t\t\t\t\t\t\t<p><span style=\"font-size: 1rem;\">Nuestro grupo de docentes est\u00e1 integrado por profesionales ampliamente experimentados en atenci\u00f3n a la urgencia y emergencia extrahospitalaria, y est\u00e1n acreditados por entidades de prestigio internacional, como es el European Resucitation Council (ERC), la American Heart Association (AHA) o el Prehospital Trauma Life Support (PHTLS).<\/span><\/p><p>Cuantos integramos FORMASEM hemos asumido la formaci\u00f3n de los profesionales sanitarios como un objetivo primordial en nuestra vida, pues es evidente que, cuanto mejor preparados est\u00e9n nuestros profesionales mejor ser\u00e1 la asistencia que se d\u00e9 a la poblaci\u00f3n. Pero adem\u00e1s, creemos firmemente en que el adiestramiento de primeros intervinientes en t\u00e9cnicas de primeros auxilios proporcionar\u00e1 una esperanza y una calidad de vida mucho mayor.<\/p><p>El equipo humano que constituimos FORMASEM le agradecemos su visita y le deseamos disfrute con los contenidos que puede encontrar en nuestra p\u00e1gina, as\u00ed mismo le invitamos a visitar nuestro perfil en <a href=\"https:\/\/www.facebook.com\/#!\/pages\/FORMASEM\/344931035543708\">Facebook <\/a>y aportar cualquier sugerencia que crea oportuna.<\/p>\t\t\t\t\t\t\t\t<\/div>\n\t\t\t\t<\/div>\n\t\t\t\t\t<\/div>\n\t\t<\/div>\n\t\t\t\t\t<\/div>\n\t\t<\/section>\n\t\t\t\t<section class=\"elementor-section elementor-top-section elementor-element elementor-element-7a5e54e2 elementor-section-boxed elementor-section-height-default elementor-section-height-default\" data-id=\"7a5e54e2\" data-element_type=\"section\" data-e-type=\"section\" data-settings=\"{&quot;background_background&quot;:&quot;classic&quot;}\">\n\t\t\t\t\t\t<div class=\"elementor-container elementor-column-gap-default\">\n\t\t\t\t\t<div class=\"elementor-column elementor-col-100 elementor-top-column elementor-element elementor-element-9d80a14\" data-id=\"9d80a14\" data-element_type=\"column\" data-e-type=\"column\">\n\t\t\t<div class=\"elementor-widget-wrap elementor-element-populated\">\n\t\t\t\t\t\t<div class=\"elementor-element elementor-element-24dc3b4b elementor-widget elementor-widget-heading\" data-id=\"24dc3b4b\" data-element_type=\"widget\" data-e-type=\"widget\" data-widget_type=\"heading.default\">\n\t\t\t\t<div class=\"elementor-widget-container\">\n\t\t\t\t\t<h2 class=\"elementor-heading-title elementor-size-default\">Nuestro equipo de profesores<\/h2>\t\t\t\t<\/div>\n\t\t\t\t<\/div>\n\t\t\t\t<section class=\"elementor-section elementor-inner-section elementor-element elementor-element-b23e827 elementor-section-boxed elementor-section-height-default elementor-section-height-default\" data-id=\"b23e827\" data-element_type=\"section\" data-e-type=\"section\">\n\t\t\t\t\t\t<div class=\"elementor-container elementor-column-gap-default\">\n\t\t\t\t\t<div class=\"elementor-column elementor-col-25 elementor-inner-column elementor-element elementor-element-5a15cfa4\" data-id=\"5a15cfa4\" data-element_type=\"column\" data-e-type=\"column\" data-settings=\"{&quot;background_background&quot;:&quot;classic&quot;}\">\n\t\t\t<div class=\"elementor-widget-wrap elementor-element-populated\">\n\t\t\t\t\t\t<div class=\"elementor-element elementor-element-199b9841 jkit-equal-height-disable elementor-widget elementor-widget-jkit_icon_box\" data-id=\"199b9841\" data-element_type=\"widget\" data-e-type=\"widget\" data-widget_type=\"jkit_icon_box.default\">\n\t\t\t\t<div class=\"elementor-widget-container\">\n\t\t\t\t\t<div  class=\"jeg-elementor-kit jkit-icon-box icon-position- elementor-animation- jeg_module___69eec0525c533\" ><div class=\"jkit-icon-box-wrapper hover-from-left\"><div class=\"icon-box icon-box-body\">\n                <h3 class=\"title\"> Pedro Barranco Garc\u00eda<\/h3><p class=\"icon-box-description\">INSTRUCTOR<\/p><div class=\"icon-box-button\">\n                <div class=\"btn-wrapper icon-position-before\">\n                    <a href=\"https:\/\/formasem.net\/wp-content\/uploads\/2023\/07\/CVPedroBarranco.pdf\" class=\"icon-box-link\" target=\"_blank\" aria-label=\"Curriculum Vitae \"><i aria-hidden=\"true\" class=\"fas fa-book\"><\/i>Curriculum Vitae <\/a>\n                <\/div>\n            <\/div>\n            <\/div>\n            \n            <\/div><\/div>\t\t\t\t<\/div>\n\t\t\t\t<\/div>\n\t\t\t\t\t<\/div>\n\t\t<\/div>\n\t\t\t\t<div class=\"elementor-column elementor-col-25 elementor-inner-column elementor-element elementor-element-3d9a8bfe\" data-id=\"3d9a8bfe\" data-element_type=\"column\" data-e-type=\"column\" data-settings=\"{&quot;background_background&quot;:&quot;classic&quot;}\">\n\t\t\t<div class=\"elementor-widget-wrap elementor-element-populated\">\n\t\t\t\t\t\t<div class=\"elementor-element elementor-element-667e27e elementor-widget elementor-widget-jkit_team\" data-id=\"667e27e\" data-element_type=\"widget\" data-e-type=\"widget\" data-widget_type=\"jkit_team.default\">\n\t\t\t\t<div class=\"elementor-widget-container\">\n\t\t\t\t\t<div  class=\"jeg-elementor-kit jkit-team style-overlay overlay-bottom jeg_module__1_69eec05261603\" ><div class=\"profile-card\"><img decoding=\"async\" width=\"1166\" height=\"1643\" src=\"https:\/\/formasem.net\/wp-content\/uploads\/2023\/08\/IMG-20230325-WA0004.jpeg\" class=\"attachment-full size-full\" alt=\"\" url=\"https:\/\/formasem.net\/wp-content\/uploads\/2023\/08\/IMG-20230325-WA0004.jpeg\" source=\"library\" srcset=\"https:\/\/formasem.net\/wp-content\/uploads\/2023\/08\/IMG-20230325-WA0004.jpeg 1166w, https:\/\/formasem.net\/wp-content\/uploads\/2023\/08\/IMG-20230325-WA0004-213x300.jpeg 213w, https:\/\/formasem.net\/wp-content\/uploads\/2023\/08\/IMG-20230325-WA0004-727x1024.jpeg 727w, https:\/\/formasem.net\/wp-content\/uploads\/2023\/08\/IMG-20230325-WA0004-768x1082.jpeg 768w, https:\/\/formasem.net\/wp-content\/uploads\/2023\/08\/IMG-20230325-WA0004-1090x1536.jpeg 1090w, https:\/\/formasem.net\/wp-content\/uploads\/2023\/08\/IMG-20230325-WA0004-9x12.jpeg 9w\" sizes=\"(max-width: 1166px) 100vw, 1166px\" \/>\n                <div class=\"hover-area alignment-center\"><div class=\"profile-body\">\n                <h2 class=\"profile-title\"><\/h2>\n                <p class=\"profile-designation\"><\/p>\n                \n                <ul class=\"social-list\"><li class=\"social-icon elementor-repeater-item-f6210d7\"><a href=\"https:\/\/www.facebook.com\/GorkaCI\/\" aria-label=\"social-icon\"><i aria-hidden=\"true\" class=\"fab fa-facebook-f\"><\/i><\/a><\/li><li class=\"social-icon elementor-repeater-item-286a92e\"><a href=\"https:\/\/www.instagram.com\/gorkaci\/\" aria-label=\"social-icon\"><i aria-hidden=\"true\" class=\"jki jki-instagram-1-light\"><\/i><\/a><\/li><\/ul>\n            <\/div><\/div>\n            <\/div><\/div>\t\t\t\t<\/div>\n\t\t\t\t<\/div>\n\t\t\t\t<div class=\"elementor-element elementor-element-7dd02dd8 elementor-widget elementor-widget-jkit_team\" data-id=\"7dd02dd8\" data-element_type=\"widget\" data-e-type=\"widget\" data-widget_type=\"jkit_team.default\">\n\t\t\t\t<div class=\"elementor-widget-container\">\n\t\t\t\t\t<div  class=\"jeg-elementor-kit jkit-team style-overlay overlay-bottom jeg_module__2_69eec05264586\" ><div class=\"profile-card\"><img decoding=\"async\" width=\"820\" height=\"1024\" src=\"https:\/\/formasem.net\/wp-content\/uploads\/2023\/07\/Sin-titulo-1_Mesa-de-trabajo-1.jpg\" class=\"attachment-full size-full\" alt=\"\" url=\"https:\/\/formasem.net\/wp-content\/uploads\/2023\/07\/Sin-titulo-1_Mesa-de-trabajo-1.jpg\" source=\"library\" srcset=\"https:\/\/formasem.net\/wp-content\/uploads\/2023\/07\/Sin-titulo-1_Mesa-de-trabajo-1.jpg 820w, https:\/\/formasem.net\/wp-content\/uploads\/2023\/07\/Sin-titulo-1_Mesa-de-trabajo-1-240x300.jpg 240w, https:\/\/formasem.net\/wp-content\/uploads\/2023\/07\/Sin-titulo-1_Mesa-de-trabajo-1-768x959.jpg 768w\" sizes=\"(max-width: 820px) 100vw, 820px\" \/>\n                <div class=\"hover-area alignment-center\"><div class=\"profile-body\">\n                <h2 class=\"profile-title\"><\/h2>\n                <p class=\"profile-designation\"><\/p>\n                \n                <ul class=\"social-list\"><li class=\"social-icon elementor-repeater-item-286a92e\"><a href=\"https:\/\/www.instagram.com\/pedrobarranco1\/\" target=\"_blank\" aria-label=\"social-icon\"><i aria-hidden=\"true\" class=\"jki jki-instagram-1-light\"><\/i><\/a><\/li><li class=\"social-icon elementor-repeater-item-83720e9\"><a href=\"https:\/\/www.instagram.com\/asistencia.sanitaria\/\" target=\"_blank\" aria-label=\"social-icon\"><i aria-hidden=\"true\" class=\"jki jki-instagram-1-light\"><\/i><\/a><\/li><\/ul>\n            <\/div><\/div>\n            <\/div><\/div>\t\t\t\t<\/div>\n\t\t\t\t<\/div>\n\t\t\t\t<div class=\"elementor-element elementor-element-62c6cd51 jkit-equal-height-disable elementor-widget elementor-widget-jkit_icon_box\" data-id=\"62c6cd51\" data-element_type=\"widget\" data-e-type=\"widget\" data-widget_type=\"jkit_icon_box.default\">\n\t\t\t\t<div class=\"elementor-widget-container\">\n\t\t\t\t\t<div  class=\"jeg-elementor-kit jkit-icon-box icon-position- elementor-animation- jeg_module__3_69eec05266f1d\" ><div class=\"jkit-icon-box-wrapper hover-from-left\"><div class=\"icon-box icon-box-body\">\n                <h3 class=\"title\">Gorka Cascante Iribarren<\/h3><p class=\"icon-box-description\">INSTRUCTOR<\/p><div class=\"icon-box-button\">\n                <div class=\"btn-wrapper icon-position-before\">\n                    <a href=\"https:\/\/formasem.net\/wp-content\/uploads\/2023\/07\/CVGorkaCascante.pdf\" class=\"icon-box-link\" target=\"_blank\" aria-label=\"Curriculum Vitae \"><i aria-hidden=\"true\" class=\"fas fa-book\"><\/i>Curriculum Vitae <\/a>\n                <\/div>\n            <\/div>\n            <\/div>\n            \n            <\/div><\/div>\t\t\t\t<\/div>\n\t\t\t\t<\/div>\n\t\t\t\t\t<\/div>\n\t\t<\/div>\n\t\t\t\t<div class=\"elementor-column elementor-col-25 elementor-inner-column elementor-element elementor-element-5e0805fd\" data-id=\"5e0805fd\" data-element_type=\"column\" data-e-type=\"column\" data-settings=\"{&quot;background_background&quot;:&quot;classic&quot;}\">\n\t\t\t<div class=\"elementor-widget-wrap elementor-element-populated\">\n\t\t\t\t\t\t<div class=\"elementor-element elementor-element-595d2c09 elementor-widget elementor-widget-jkit_team\" data-id=\"595d2c09\" data-element_type=\"widget\" data-e-type=\"widget\" data-widget_type=\"jkit_team.default\">\n\t\t\t\t<div class=\"elementor-widget-container\">\n\t\t\t\t\t<div  class=\"jeg-elementor-kit jkit-team style-overlay overlay-bottom jeg_module__4_69eec05268e32\" ><div class=\"profile-card\"><img loading=\"lazy\" decoding=\"async\" width=\"820\" height=\"1024\" src=\"https:\/\/formasem.net\/wp-content\/uploads\/2023\/07\/Sin-titulo-1-06-1.jpg\" class=\"attachment-full size-full\" alt=\"\" url=\"https:\/\/formasem.net\/wp-content\/uploads\/2023\/07\/Sin-titulo-1-06-1.jpg\" source=\"library\" srcset=\"https:\/\/formasem.net\/wp-content\/uploads\/2023\/07\/Sin-titulo-1-06-1.jpg 820w, https:\/\/formasem.net\/wp-content\/uploads\/2023\/07\/Sin-titulo-1-06-1-240x300.jpg 240w, https:\/\/formasem.net\/wp-content\/uploads\/2023\/07\/Sin-titulo-1-06-1-768x959.jpg 768w\" sizes=\"(max-width: 820px) 100vw, 820px\" \/>\n                <div class=\"hover-area alignment-center\"><div class=\"profile-body\">\n                <h2 class=\"profile-title\"><\/h2>\n                <p class=\"profile-designation\"><\/p>\n                \n                <ul class=\"social-list\"><li class=\"social-icon elementor-repeater-item-f6210d7\"><a href=\"https:\/\/www.facebook.com\/esteve.gallardo1\/\" aria-label=\"social-icon\"><i aria-hidden=\"true\" class=\"fab fa-facebook-f\"><\/i><\/a><\/li><li class=\"social-icon elementor-repeater-item-286a92e\"><a href=\"https:\/\/www.instagram.com\/estevegallardo\/\" aria-label=\"social-icon\"><i aria-hidden=\"true\" class=\"jki jki-instagram-1-light\"><\/i><\/a><\/li><\/ul>\n            <\/div><\/div>\n            <\/div><\/div>\t\t\t\t<\/div>\n\t\t\t\t<\/div>\n\t\t\t\t<div class=\"elementor-element elementor-element-d41ff26 jkit-equal-height-disable elementor-widget elementor-widget-jkit_icon_box\" data-id=\"d41ff26\" data-element_type=\"widget\" data-e-type=\"widget\" data-widget_type=\"jkit_icon_box.default\">\n\t\t\t\t<div class=\"elementor-widget-container\">\n\t\t\t\t\t<div  class=\"jeg-elementor-kit jkit-icon-box icon-position- elementor-animation- jeg_module__5_69eec0526b4fd\" ><div class=\"jkit-icon-box-wrapper hover-from-left\"><div class=\"icon-box icon-box-body\">\n                <h3 class=\"title\">Esteve Gallardo Vivas<\/h3><p class=\"icon-box-description\">INSTRUCTOR<\/p><div class=\"icon-box-button\">\n                <div class=\"btn-wrapper icon-position-before\">\n                    <a href=\"https:\/\/formasem.net\/wp-content\/uploads\/2023\/07\/CurrC3ADculoESTEVEpdf.pdf\" class=\"icon-box-link\" target=\"_blank\" aria-label=\"Curriculum Vitae \"><i aria-hidden=\"true\" class=\"fas fa-book\"><\/i>Curriculum Vitae <\/a>\n                <\/div>\n            <\/div>\n            <\/div>\n            \n            <\/div><\/div>\t\t\t\t<\/div>\n\t\t\t\t<\/div>\n\t\t\t\t\t<\/div>\n\t\t<\/div>\n\t\t\t\t<div class=\"elementor-column elementor-col-25 elementor-inner-column elementor-element elementor-element-66184a88\" data-id=\"66184a88\" data-element_type=\"column\" data-e-type=\"column\" data-settings=\"{&quot;background_background&quot;:&quot;classic&quot;}\">\n\t\t\t<div class=\"elementor-widget-wrap elementor-element-populated\">\n\t\t\t\t\t\t<div class=\"elementor-element elementor-element-4742bfd1 elementor-widget elementor-widget-jkit_team\" data-id=\"4742bfd1\" data-element_type=\"widget\" data-e-type=\"widget\" data-widget_type=\"jkit_team.default\">\n\t\t\t\t<div class=\"elementor-widget-container\">\n\t\t\t\t\t<div  class=\"jeg-elementor-kit jkit-team style-overlay overlay-bottom jeg_module__6_69eec0526dc43\" ><div class=\"profile-card\"><img loading=\"lazy\" decoding=\"async\" width=\"348\" height=\"478\" src=\"https:\/\/formasem.net\/wp-content\/uploads\/2023\/08\/yo-2020.jpg\" class=\"attachment-full size-full\" alt=\"\" url=\"https:\/\/formasem.net\/wp-content\/uploads\/2023\/08\/yo-2020.jpg\" source=\"library\" srcset=\"https:\/\/formasem.net\/wp-content\/uploads\/2023\/08\/yo-2020.jpg 348w, https:\/\/formasem.net\/wp-content\/uploads\/2023\/08\/yo-2020-218x300.jpg 218w, https:\/\/formasem.net\/wp-content\/uploads\/2023\/08\/yo-2020-9x12.jpg 9w\" sizes=\"(max-width: 348px) 100vw, 348px\" \/>\n                <div class=\"hover-area alignment-center\"><div class=\"profile-body\">\n                <h2 class=\"profile-title\"><\/h2>\n                <p class=\"profile-designation\"><\/p>\n                \n                <ul class=\"social-list\"><li class=\"social-icon elementor-repeater-item-f6210d7\"><a href=\"#\" aria-label=\"social-icon\"><i aria-hidden=\"true\" class=\"fab fa-facebook-f\"><\/i><\/a><\/li><li class=\"social-icon elementor-repeater-item-aa0c945\"><a href=\"#\" aria-label=\"social-icon\"><i aria-hidden=\"true\" class=\"fab fa-twitter\"><\/i><\/a><\/li><li class=\"social-icon elementor-repeater-item-286a92e\"><a href=\"https:\/\/pinterest.com\" aria-label=\"social-icon\"><i aria-hidden=\"true\" class=\"jki jki-instagram-1-light\"><\/i><\/a><\/li><\/ul>\n            <\/div><\/div>\n            <\/div><\/div>\t\t\t\t<\/div>\n\t\t\t\t<\/div>\n\t\t\t\t<div class=\"elementor-element elementor-element-13ac2344 jkit-equal-height-disable elementor-widget elementor-widget-jkit_icon_box\" data-id=\"13ac2344\" data-element_type=\"widget\" data-e-type=\"widget\" data-widget_type=\"jkit_icon_box.default\">\n\t\t\t\t<div class=\"elementor-widget-container\">\n\t\t\t\t\t<div  class=\"jeg-elementor-kit jkit-icon-box icon-position- elementor-animation- jeg_module__7_69eec0526fc5e\" ><div class=\"jkit-icon-box-wrapper hover-from-left\"><div class=\"icon-box icon-box-body\">\n                <h3 class=\"title\">Luis Miguel Chico<\/h3><p class=\"icon-box-description\">INSTRUCTOR<\/p>\n            <\/div>\n            \n            <\/div><\/div>\t\t\t\t<\/div>\n\t\t\t\t<\/div>\n\t\t\t\t\t<\/div>\n\t\t<\/div>\n\t\t\t\t\t<\/div>\n\t\t<\/section>\n\t\t\t\t\t<\/div>\n\t\t<\/div>\n\t\t\t\t\t<\/div>\n\t\t<\/section>\n\t\t\t\t<section class=\"elementor-section elementor-top-section elementor-element elementor-element-2c3be3f elementor-section-boxed elementor-section-height-default elementor-section-height-default\" data-id=\"2c3be3f\" data-element_type=\"section\" data-e-type=\"section\">\n\t\t\t\t\t\t<div class=\"elementor-container elementor-column-gap-default\">\n\t\t\t\t\t<div class=\"elementor-column elementor-col-100 elementor-top-column elementor-element elementor-element-79650ab\" data-id=\"79650ab\" data-element_type=\"column\" data-e-type=\"column\">\n\t\t\t<div class=\"elementor-widget-wrap elementor-element-populated\">\n\t\t\t\t\t\t<div class=\"elementor-element elementor-element-573af58 elementor-widget elementor-widget-image\" data-id=\"573af58\" data-element_type=\"widget\" data-e-type=\"widget\" data-widget_type=\"image.default\">\n\t\t\t\t<div class=\"elementor-widget-container\">\n\t\t\t\t\t\t\t\t\t\t\t\t\t\t\t<img decoding=\"async\" src=\"https:\/\/formasem.net\/wp-content\/plugins\/elementor\/assets\/images\/placeholder.png\" title=\"\" alt=\"\" loading=\"lazy\" \/>\t\t\t\t\t\t\t\t\t\t\t\t\t\t\t<\/div>\n\t\t\t\t<\/div>\n\t\t\t\t\t<\/div>\n\t\t<\/div>\n\t\t\t\t\t<\/div>\n\t\t<\/section>\n\t\t\t\t<\/div>","protected":false},"excerpt":{"rendered":"<p>\u00a1El deseo de ser cada d\u00eda mejor!\u200b FORMASEM somos una empresa dedicada a proporcionar formaci\u00f3n especializada y continuada de calidad para los profesionales sanitarios que tienen en la urgencia y emergencia extrahospitalaria su \u00e1mbito de actuaci\u00f3n. Tambi\u00e9n estamos comprometidos con la difusi\u00f3n de la cardio protecci\u00f3n y el conocimiento de las t\u00e9cnicas de primeros auxilios [&hellip;]<\/p>\n","protected":false},"author":1,"featured_media":0,"parent":0,"menu_order":0,"comment_status":"closed","ping_status":"closed","template":"elementor_canvas","meta":{"footnotes":""},"class_list":["post-21","page","type-page","status-publish","hentry"],"yoast_head":"<!-- This site is optimized with the Yoast SEO plugin v27.4 - https:\/\/yoast.com\/product\/yoast-seo-wordpress\/ -->\n<title>Equipo Docente - Formasem<\/title>\n<meta name=\"robots\" content=\"index, follow, max-snippet:-1, max-image-preview:large, max-video-preview:-1\" \/>\n<link rel=\"canonical\" href=\"https:\/\/formasem.net\/eu\/equipo-docente\/\" \/>\n<meta property=\"og:locale\" content=\"en_US\" \/>\n<meta property=\"og:type\" content=\"article\" \/>\n<meta property=\"og:title\" content=\"Equipo Docente - Formasem\" \/>\n<meta property=\"og:description\" content=\"\u00a1El deseo de ser cada d\u00eda mejor!\u200b FORMASEM somos una empresa dedicada a proporcionar formaci\u00f3n especializada y continuada de calidad para los profesionales sanitarios que tienen en la urgencia y emergencia extrahospitalaria su \u00e1mbito de actuaci\u00f3n. Tambi\u00e9n estamos comprometidos con la difusi\u00f3n de la cardio protecci\u00f3n y el conocimiento de las t\u00e9cnicas de primeros auxilios [&hellip;]\" \/>\n<meta property=\"og:url\" content=\"https:\/\/formasem.net\/eu\/equipo-docente\/\" \/>\n<meta property=\"og:site_name\" content=\"Formasem\" \/>\n<meta property=\"article:modified_time\" content=\"2024-07-24T14:53:23+00:00\" \/>\n<meta property=\"og:image\" content=\"https:\/\/formasem.net\/wp-content\/uploads\/2023\/07\/close-up-of-emergency-equipment-during-rescue-action--1024x682.jpg\" \/>\n<meta name=\"twitter:card\" content=\"summary_large_image\" \/>\n<meta name=\"twitter:label1\" content=\"Est. reading time\" \/>\n\t<meta name=\"twitter:data1\" content=\"4 minutua\" \/>\n<script type=\"application\/ld+json\" class=\"yoast-schema-graph\">{\"@context\":\"https:\\\/\\\/schema.org\",\"@graph\":[{\"@type\":\"WebPage\",\"@id\":\"https:\\\/\\\/formasem.net\\\/equipo-docente\\\/\",\"url\":\"https:\\\/\\\/formasem.net\\\/equipo-docente\\\/\",\"name\":\"Equipo Docente - Formasem\",\"isPartOf\":{\"@id\":\"https:\\\/\\\/formasem.net\\\/#website\"},\"primaryImageOfPage\":{\"@id\":\"https:\\\/\\\/formasem.net\\\/equipo-docente\\\/#primaryimage\"},\"image\":{\"@id\":\"https:\\\/\\\/formasem.net\\\/equipo-docente\\\/#primaryimage\"},\"thumbnailUrl\":\"https:\\\/\\\/formasem.net\\\/wp-content\\\/uploads\\\/2023\\\/07\\\/close-up-of-emergency-equipment-during-rescue-action--1024x682.jpg\",\"datePublished\":\"2023-07-05T15:00:42+00:00\",\"dateModified\":\"2024-07-24T14:53:23+00:00\",\"breadcrumb\":{\"@id\":\"https:\\\/\\\/formasem.net\\\/equipo-docente\\\/#breadcrumb\"},\"inLanguage\":\"eu\",\"potentialAction\":[{\"@type\":\"ReadAction\",\"target\":[\"https:\\\/\\\/formasem.net\\\/equipo-docente\\\/\"]}]},{\"@type\":\"ImageObject\",\"inLanguage\":\"eu\",\"@id\":\"https:\\\/\\\/formasem.net\\\/equipo-docente\\\/#primaryimage\",\"url\":\"https:\\\/\\\/formasem.net\\\/wp-content\\\/uploads\\\/2023\\\/07\\\/close-up-of-emergency-equipment-during-rescue-action--1024x682.jpg\",\"contentUrl\":\"https:\\\/\\\/formasem.net\\\/wp-content\\\/uploads\\\/2023\\\/07\\\/close-up-of-emergency-equipment-during-rescue-action--1024x682.jpg\"},{\"@type\":\"BreadcrumbList\",\"@id\":\"https:\\\/\\\/formasem.net\\\/equipo-docente\\\/#breadcrumb\",\"itemListElement\":[{\"@type\":\"ListItem\",\"position\":1,\"name\":\"Portada\",\"item\":\"https:\\\/\\\/formasem.net\\\/\"},{\"@type\":\"ListItem\",\"position\":2,\"name\":\"Equipo Docente\"}]},{\"@type\":\"WebSite\",\"@id\":\"https:\\\/\\\/formasem.net\\\/#website\",\"url\":\"https:\\\/\\\/formasem.net\\\/\",\"name\":\"Formasem\",\"description\":\"Formasem\",\"publisher\":{\"@id\":\"https:\\\/\\\/formasem.net\\\/#organization\"},\"potentialAction\":[{\"@type\":\"SearchAction\",\"target\":{\"@type\":\"EntryPoint\",\"urlTemplate\":\"https:\\\/\\\/formasem.net\\\/?s={search_term_string}\"},\"query-input\":{\"@type\":\"PropertyValueSpecification\",\"valueRequired\":true,\"valueName\":\"search_term_string\"}}],\"inLanguage\":\"eu\"},{\"@type\":\"Organization\",\"@id\":\"https:\\\/\\\/formasem.net\\\/#organization\",\"name\":\"Formasem\",\"url\":\"https:\\\/\\\/formasem.net\\\/\",\"logo\":{\"@type\":\"ImageObject\",\"inLanguage\":\"eu\",\"@id\":\"https:\\\/\\\/formasem.net\\\/#\\\/schema\\\/logo\\\/image\\\/\",\"url\":\"https:\\\/\\\/formasem.net\\\/wp-content\\\/uploads\\\/2023\\\/07\\\/cropped-iconoc.png\",\"contentUrl\":\"https:\\\/\\\/formasem.net\\\/wp-content\\\/uploads\\\/2023\\\/07\\\/cropped-iconoc.png\",\"width\":500,\"height\":381,\"caption\":\"Formasem\"},\"image\":{\"@id\":\"https:\\\/\\\/formasem.net\\\/#\\\/schema\\\/logo\\\/image\\\/\"}}]}<\/script>\n<!-- \/ Yoast SEO plugin. -->","yoast_head_json":{"title":"Equipo Docente - Formasem","robots":{"index":"index","follow":"follow","max-snippet":"max-snippet:-1","max-image-preview":"max-image-preview:large","max-video-preview":"max-video-preview:-1"},"canonical":"https:\/\/formasem.net\/eu\/equipo-docente\/","og_locale":"en_US","og_type":"article","og_title":"Equipo Docente - Formasem","og_description":"\u00a1El deseo de ser cada d\u00eda mejor!\u200b FORMASEM somos una empresa dedicada a proporcionar formaci\u00f3n especializada y continuada de calidad para los profesionales sanitarios que tienen en la urgencia y emergencia extrahospitalaria su \u00e1mbito de actuaci\u00f3n. Tambi\u00e9n estamos comprometidos con la difusi\u00f3n de la cardio protecci\u00f3n y el conocimiento de las t\u00e9cnicas de primeros auxilios [&hellip;]","og_url":"https:\/\/formasem.net\/eu\/equipo-docente\/","og_site_name":"Formasem","article_modified_time":"2024-07-24T14:53:23+00:00","og_image":[{"url":"https:\/\/formasem.net\/wp-content\/uploads\/2023\/07\/close-up-of-emergency-equipment-during-rescue-action--1024x682.jpg","type":"","width":"","height":""}],"twitter_card":"summary_large_image","twitter_misc":{"Est. reading time":"4 minutua"},"schema":{"@context":"https:\/\/schema.org","@graph":[{"@type":"WebPage","@id":"https:\/\/formasem.net\/equipo-docente\/","url":"https:\/\/formasem.net\/equipo-docente\/","name":"Equipo Docente - Formasem","isPartOf":{"@id":"https:\/\/formasem.net\/#website"},"primaryImageOfPage":{"@id":"https:\/\/formasem.net\/equipo-docente\/#primaryimage"},"image":{"@id":"https:\/\/formasem.net\/equipo-docente\/#primaryimage"},"thumbnailUrl":"https:\/\/formasem.net\/wp-content\/uploads\/2023\/07\/close-up-of-emergency-equipment-during-rescue-action--1024x682.jpg","datePublished":"2023-07-05T15:00:42+00:00","dateModified":"2024-07-24T14:53:23+00:00","breadcrumb":{"@id":"https:\/\/formasem.net\/equipo-docente\/#breadcrumb"},"inLanguage":"eu","potentialAction":[{"@type":"ReadAction","target":["https:\/\/formasem.net\/equipo-docente\/"]}]},{"@type":"ImageObject","inLanguage":"eu","@id":"https:\/\/formasem.net\/equipo-docente\/#primaryimage","url":"https:\/\/formasem.net\/wp-content\/uploads\/2023\/07\/close-up-of-emergency-equipment-during-rescue-action--1024x682.jpg","contentUrl":"https:\/\/formasem.net\/wp-content\/uploads\/2023\/07\/close-up-of-emergency-equipment-during-rescue-action--1024x682.jpg"},{"@type":"BreadcrumbList","@id":"https:\/\/formasem.net\/equipo-docente\/#breadcrumb","itemListElement":[{"@type":"ListItem","position":1,"name":"Portada","item":"https:\/\/formasem.net\/"},{"@type":"ListItem","position":2,"name":"Equipo Docente"}]},{"@type":"WebSite","@id":"https:\/\/formasem.net\/#website","url":"https:\/\/formasem.net\/","name":"Formasem","description":"Formasem","publisher":{"@id":"https:\/\/formasem.net\/#organization"},"potentialAction":[{"@type":"SearchAction","target":{"@type":"EntryPoint","urlTemplate":"https:\/\/formasem.net\/?s={search_term_string}"},"query-input":{"@type":"PropertyValueSpecification","valueRequired":true,"valueName":"search_term_string"}}],"inLanguage":"eu"},{"@type":"Organization","@id":"https:\/\/formasem.net\/#organization","name":"Formasem","url":"https:\/\/formasem.net\/","logo":{"@type":"ImageObject","inLanguage":"eu","@id":"https:\/\/formasem.net\/#\/schema\/logo\/image\/","url":"https:\/\/formasem.net\/wp-content\/uploads\/2023\/07\/cropped-iconoc.png","contentUrl":"https:\/\/formasem.net\/wp-content\/uploads\/2023\/07\/cropped-iconoc.png","width":500,"height":381,"caption":"Formasem"},"image":{"@id":"https:\/\/formasem.net\/#\/schema\/logo\/image\/"}}]}},"_links":{"self":[{"href":"https:\/\/formasem.net\/eu\/wp-json\/wp\/v2\/pages\/21","targetHints":{"allow":["GET"]}}],"collection":[{"href":"https:\/\/formasem.net\/eu\/wp-json\/wp\/v2\/pages"}],"about":[{"href":"https:\/\/formasem.net\/eu\/wp-json\/wp\/v2\/types\/page"}],"author":[{"embeddable":true,"href":"https:\/\/formasem.net\/eu\/wp-json\/wp\/v2\/users\/1"}],"replies":[{"embeddable":true,"href":"https:\/\/formasem.net\/eu\/wp-json\/wp\/v2\/comments?post=21"}],"version-history":[{"count":178,"href":"https:\/\/formasem.net\/eu\/wp-json\/wp\/v2\/pages\/21\/revisions"}],"predecessor-version":[{"id":1442,"href":"https:\/\/formasem.net\/eu\/wp-json\/wp\/v2\/pages\/21\/revisions\/1442"}],"wp:attachment":[{"href":"https:\/\/formasem.net\/eu\/wp-json\/wp\/v2\/media?parent=21"}],"curies":[{"name":"wp","href":"https:\/\/api.w.org\/{rel}","templated":true}]}}